{"id":203239,"date":"2026-07-10T09:49:24","date_gmt":"2026-07-10T07:49:24","guid":{"rendered":"https:\/\/www.kleinmetals.ch\/inscription-aux-journees-portes-ouvertes\/"},"modified":"2026-08-31T12:02:42","modified_gmt":"2026-08-31T10:02:42","slug":"inscription-aux-journees-portes-ouvertes","status":"publish","type":"page","link":"https:\/\/www.kleinmetals.ch\/fr\/inscription-aux-journees-portes-ouvertes\/","title":{"rendered":"Inscription aux Journ\u00e9es portes ouvertes"},"content":{"rendered":"<p><div class=\"fusion-fullwidth fullwidth-box fusion-builder-row-1 fusion-flex-container has-pattern-background has-mask-background nonhundred-percent-fullwidth non-hundred-percent-height-scrolling\" style=\"--awb-border-radius-top-left:0px;--awb-border-radius-top-right:0px;--awb-border-radius-bottom-right:0px;--awb-border-radius-bottom-left:0px;--awb-flex-wrap:wrap;\" ><div class=\"fusion-builder-row fusion-row fusion-flex-align-items-flex-start fusion-flex-content-wrap\" style=\"max-width:1456px;margin-left: calc(-4% \/ 2 );margin-right: calc(-4% \/ 2 );\"><div class=\"fusion-layout-column fusion_builder_column fusion-builder-column-0 fusion_builder_column_1_1 1_1 fusion-flex-column\" style=\"--awb-bg-size:cover;--awb-width-large:100%;--awb-margin-top-large:0px;--awb-spacing-right-large:1.92%;--awb-margin-bottom-large:20px;--awb-spacing-left-large:1.92%;--awb-width-medium:100%;--awb-order-medium:0;--awb-spacing-right-medium:1.92%;--awb-spacing-left-medium:1.92%;--awb-width-small:100%;--awb-order-small:0;--awb-spacing-right-small:1.92%;--awb-spacing-left-small:1.92%;\"><div class=\"fusion-column-wrapper fusion-column-has-shadow fusion-flex-justify-content-flex-start fusion-content-layout-column\"><div class=\"fusion-title title fusion-title-1 fusion-sep-none fusion-title-text fusion-title-size-two\" style=\"--awb-margin-top-small:10px;--awb-margin-right-small:0px;--awb-margin-bottom-small:10px;--awb-margin-left-small:0px;\"><h2 class=\"fusion-title-heading title-heading-left fusion-responsive-typography-calculated\" style=\"margin:0;--fontSize:30;--minFontSize:30;line-height:var(--awb-typography2-line-height);\">Invitation aux festivit\u00e9s du jubil\u00e9 (11 et 12 septembre 2026)<\/h2><\/div><div class=\"fusion-text fusion-text-1\"><p>Ch\u00e8res clientes et chers clients, chers partenaires, ainsi que familles et amis<\/p>\n<p><strong>Il y a de quoi c\u00e9l\u00e9brer !<\/strong><\/p>\n<p>Depuis 1946, L. Klein SA s&rsquo;efforce toujours de rassembler des personnes partageant les m\u00eames valeurs. Ce que M. Klein a b\u00e2ti autrefois, nous le poursuivons avec la m\u00eame passion vers l&rsquo;avenir. C&rsquo;est pourquoi nous vous invitons chaleureusement, vous et vos proches, \u00e0 c\u00e9l\u00e9brer avec nous les 80 ans de L. Klein SA.<\/p>\n<p>Depuis 80 ans, la confiance, la pr\u00e9cision et de solides partenariats nous unissent. C\u00e9l\u00e9brez cet anniversaire en d\u00e9couvrant les coulisses et r\u00e9jouissez-vous de visites passionnantes, de rencontres inspirantes, ainsi que d&rsquo;un programme vari\u00e9 et de d\u00e9lices culinaires.<\/p>\n<p>Le vendredi soir, nous cl\u00f4turerons la journ\u00e9e par une soir\u00e9e anim\u00e9e avec un concert live sp\u00e9cial.<\/p>\n<p>Que vous soyez seul, en couple, avec toute la famille ou avec votre \u00e9quipe \u2013 nous nous r\u00e9jouissons de c\u00e9l\u00e9brer cet \u00e9v\u00e9nement sp\u00e9cial avec vous. Veuillez indiquer lors de votre inscription, <strong>au plus tard le 01.09.<\/strong>, le nombre de participants ainsi que le jour de visite souhait\u00e9, afin que nous puissions pr\u00e9parer au mieux votre s\u00e9jour.<\/p>\n<\/div><div class=\"fusion-title title fusion-title-2 fusion-sep-none fusion-title-text fusion-title-size-two\" style=\"--awb-margin-top-small:10px;--awb-margin-right-small:0px;--awb-margin-bottom-small:10px;--awb-margin-left-small:0px;\"><h2 class=\"fusion-title-heading title-heading-left fusion-responsive-typography-calculated\" style=\"margin:0;--fontSize:30;--minFontSize:30;line-height:var(--awb-typography2-line-height);\">Programme et horaires<\/h2><\/div><div class=\"fusion-text fusion-text-2\"><p><strong>Vendredi, 11.09.2026 :<\/strong><br \/>\n<strong>C\u00e9l\u00e9bration du jubil\u00e9 : de 13h30 \u00e0 18h00<br \/>\n<\/strong>Grand programme pour les enfants : ch\u00e2teau gonflable et espace de jeux (baby-foot, jeu de Cornhole, cubes de construction g\u00e9ants)<br \/>\nVisites de l\u2019entreprise : 14h00, 15h00, 16h00<\/p>\n<p><strong>Soir\u00e9e avec concert live : de 19h00 \u00e0 00h30<\/strong><br \/>\n<strong>En concert :<\/strong><\/p>\n<ul>\n<li>Freaky Audio Machine &#8211; Reprises \u00e9nergiques des ann\u00e9es 90 et 2000<\/li>\n<li>Ira May &#8211; R&rsquo;n&rsquo;B\/Pop\/Soul de B\u00e2le<\/li>\n<li>Dj Patric Pleasure &#8211; hits et grands classiques<\/li>\n<\/ul>\n<p><strong>Samedi, 12.09.2026 : <\/strong><br \/>\n<strong>C\u00e9l\u00e9bration du jubil\u00e9 : de 9h30 \u00e0 17h00<br \/>\n<\/strong>Grand programme pour les enfants : ch\u00e2teau gonflable et espace de jeux (baby-foot, jeu de Cornhole, cubes de construction g\u00e9ants, maquillage pour enfants, atelier cr\u00e9atif)<br \/>\nVisites de l\u2019entreprise : toutes les heures \u00e0 partir de 10h00, derni\u00e8re visite \u00e0 16h00<\/p>\n<p data-start=\"261\" data-end=\"423\" data-is-last-node=\"\" data-is-only-node=\"\">M\u00eame en dehors des visites guid\u00e9es, il y a beaucoup \u00e0 d\u00e9couvrir. Plongez dans l\u2019histoire de L. Klein SA et d\u00e9couvrez des aspects passionnants de notre entreprise.<\/p>\n<\/div><\/div><\/div><div class=\"fusion-layout-column fusion_builder_column fusion-builder-column-1 fusion_builder_column_1_1 1_1 fusion-flex-column\" style=\"--awb-bg-size:cover;--awb-width-large:100%;--awb-margin-top-large:0px;--awb-spacing-right-large:1.92%;--awb-margin-bottom-large:20px;--awb-spacing-left-large:1.92%;--awb-width-medium:100%;--awb-order-medium:0;--awb-spacing-right-medium:1.92%;--awb-spacing-left-medium:1.92%;--awb-width-small:100%;--awb-order-small:0;--awb-spacing-right-small:1.92%;--awb-spacing-left-small:1.92%;\"><div class=\"fusion-column-wrapper fusion-column-has-shadow fusion-flex-justify-content-flex-start fusion-content-layout-column\"><div class=\"fusion-title title fusion-title-3 fusion-sep-none fusion-title-text fusion-title-size-two\" style=\"--awb-margin-top-small:10px;--awb-margin-right-small:0px;--awb-margin-bottom-small:10px;--awb-margin-left-small:0px;\"><h2 class=\"fusion-title-heading title-heading-left fusion-responsive-typography-calculated\" style=\"margin:0;--fontSize:30;--minFontSize:30;line-height:var(--awb-typography2-line-height);\">En savoir plus sur nos temps forts du vendredi soir<\/h2><\/div><\/div><\/div><div class=\"fusion-layout-column fusion_builder_column fusion-builder-column-2 fusion_builder_column_1_3 1_3 fusion-flex-column\" style=\"--awb-padding-top:5%;--awb-padding-right:5%;--awb-padding-bottom:5%;--awb-padding-left:5%;--awb-bg-color:var(--awb-color6);--awb-bg-color-hover:var(--awb-color6);--awb-bg-size:cover;--awb-width-large:33.333333333333%;--awb-margin-top-large:0px;--awb-spacing-right-large:5.76%;--awb-margin-bottom-large:20px;--awb-spacing-left-large:5.76%;--awb-width-medium:33.333333333333%;--awb-order-medium:0;--awb-spacing-right-medium:5.76%;--awb-spacing-left-medium:5.76%;--awb-width-small:100%;--awb-order-small:0;--awb-spacing-right-small:1.92%;--awb-spacing-left-small:1.92%;\" data-scroll-devices=\"small-visibility,medium-visibility,large-visibility\"><div class=\"fusion-column-wrapper fusion-column-has-shadow fusion-flex-justify-content-flex-start fusion-content-layout-column\"><div class=\"fusion-text fusion-text-3\" style=\"--awb-text-color:var(--awb-color1);\"><h3><span style=\"color: #ffffff;\">Freaky Audio Machine<\/span><\/h3>\n<\/div><div class=\"fusion-image-element\" style=\"--awb-margin-bottom:20px;--awb-caption-title-font-family:var(--h2_typography-font-family);--awb-caption-title-font-weight:var(--h2_typography-font-weight);--awb-caption-title-font-style:var(--h2_typography-font-style);--awb-caption-title-size:var(--h2_typography-font-size);--awb-caption-title-transform:var(--h2_typography-text-transform);--awb-caption-title-line-height:var(--h2_typography-line-height);--awb-caption-title-letter-spacing:var(--h2_typography-letter-spacing);\"><span class=\" fusion-imageframe imageframe-none imageframe-1 hover-type-none\"><img loading=\"lazy\" decoding=\"async\" width=\"500\" height=\"362\" title=\"Freaky Audio Machine\" src=\"https:\/\/www.kleinmetals.ch\/wp-content\/uploads\/Freaky-Audio-Machine.jpg\" alt class=\"img-responsive wp-image-203366\" srcset=\"https:\/\/www.kleinmetals.ch\/wp-content\/uploads\/Freaky-Audio-Machine-200x145.jpg 200w, https:\/\/www.kleinmetals.ch\/wp-content\/uploads\/Freaky-Audio-Machine-400x290.jpg 400w, https:\/\/www.kleinmetals.ch\/wp-content\/uploads\/Freaky-Audio-Machine.jpg 500w\" sizes=\"auto, (max-width: 992px) 100vw, 400px\" \/><\/span><\/div><div class=\"fusion-text fusion-text-4\" style=\"--awb-text-color:var(--awb-color1);\"><p>FREAKY AUDIO MACHINE, ou \u00ab the F.A.M. \u00bb pour les intimes, propose un tribute show R\u2019n\u2019B et hip-hop qui a du feu aux fesses. Du piment dans la sauce. Du bling sur la veste. Ici, pas question d\u2019un quelconque petit groupe de reprises qui fredonne dans un coin une version sans conviction de \u00ab Isn\u2019t She Lovely \u00bb (excellent morceau, mais vous voyez ce qu\u2019on veut dire). Les trois gar\u00e7ons mettent le feu. D\u2019Eminem aux Backstreet Boys, de Beyonc\u00e9 aux Spice Girls, de Macklemore \u00e0 Bruno Mars. Leur devise : \u00ab All killer, no filler. Start high, go higher. \u00bb<br \/>\nLorsque Freaky Audio Machine d\u00e9barque sur sc\u00e8ne tel un groupe de paons d\u00e9cha\u00een\u00e9s, impossible de faire marche arri\u00e8re. Avec un live explosif, beaucoup d\u2019humour, une virtuosit\u00e9 instrumentale compl\u00e8tement folle et des surprises toujours inattendues, les boys captivent le public jusqu\u2019\u00e0 ce que plus personne ne puisse garder les pieds immobiles.<\/p>\n<\/div><\/div><\/div><div class=\"fusion-layout-column fusion_builder_column fusion-builder-column-3 fusion_builder_column_1_3 1_3 fusion-flex-column\" style=\"--awb-padding-top:5%;--awb-padding-right:5%;--awb-padding-bottom:5%;--awb-padding-left:5%;--awb-bg-color:var(--awb-color6);--awb-bg-color-hover:var(--awb-color6);--awb-bg-size:cover;--awb-width-large:33.333333333333%;--awb-margin-top-large:0px;--awb-spacing-right-large:5.76%;--awb-margin-bottom-large:20px;--awb-spacing-left-large:5.76%;--awb-width-medium:33.333333333333%;--awb-order-medium:0;--awb-spacing-right-medium:5.76%;--awb-spacing-left-medium:5.76%;--awb-width-small:100%;--awb-order-small:0;--awb-spacing-right-small:1.92%;--awb-spacing-left-small:1.92%;\" data-scroll-devices=\"small-visibility,medium-visibility,large-visibility\"><div class=\"fusion-column-wrapper fusion-column-has-shadow fusion-flex-justify-content-flex-start fusion-content-layout-column\"><div class=\"fusion-text fusion-text-5\" style=\"--awb-text-color:var(--awb-color1);\"><h3><span style=\"color: #ffffff;\">Ira May<\/span><\/h3>\n<\/div><div class=\"fusion-image-element\" style=\"--awb-margin-bottom:20px;--awb-caption-title-font-family:var(--h2_typography-font-family);--awb-caption-title-font-weight:var(--h2_typography-font-weight);--awb-caption-title-font-style:var(--h2_typography-font-style);--awb-caption-title-size:var(--h2_typography-font-size);--awb-caption-title-transform:var(--h2_typography-text-transform);--awb-caption-title-line-height:var(--h2_typography-line-height);--awb-caption-title-letter-spacing:var(--h2_typography-letter-spacing);\"><span class=\" fusion-imageframe imageframe-none imageframe-2 hover-type-none\"><img loading=\"lazy\" decoding=\"async\" width=\"500\" height=\"364\" title=\"Ira-May1198\" src=\"https:\/\/www.kleinmetals.ch\/wp-content\/uploads\/Ira-May1198.webp\" alt class=\"img-responsive wp-image-203369\" srcset=\"https:\/\/www.kleinmetals.ch\/wp-content\/uploads\/Ira-May1198-200x146.webp 200w, https:\/\/www.kleinmetals.ch\/wp-content\/uploads\/Ira-May1198-400x291.webp 400w, https:\/\/www.kleinmetals.ch\/wp-content\/uploads\/Ira-May1198.webp 500w\" sizes=\"auto, (max-width: 992px) 100vw, 400px\" \/><\/span><\/div><div class=\"fusion-text fusion-text-6\" style=\"--awb-text-color:var(--awb-color1);\"><p>Ira May, de son vrai nom Iris B\u00f6siger, est une artiste suisse de 37 ans qui s\u2019est tr\u00e8s t\u00f4t passionn\u00e9e pour la musique, en particulier pour la soul et le R\u2019n\u2019B. En 2014, elle sort son premier album solo, \u00ab The Spell \u00bb, qui se hisse directement \u00e0 la premi\u00e8re place du classement suisse des albums. Son deuxi\u00e8me opus, sorti en 2016, atteint la septi\u00e8me place.<br \/>\nCes succ\u00e8s lui ouvrent les portes de nombreuses sc\u00e8nes en Suisse et \u00e0 l\u2019\u00e9tranger, notamment en premi\u00e8re partie d\u2019Alicia Keys, Jamie Cullum, Anastacia et Nick Waterhouse. Dix ans apr\u00e8s ses d\u00e9buts, sa voix fougueuse et intense au timbre sombre marque \u00e9galement son single actuel \u00ab Dig Deeper \u00bb, qu\u2019elle nous pr\u00e9sentera en live.<\/p>\n<\/div><\/div><\/div><div class=\"fusion-layout-column fusion_builder_column fusion-builder-column-4 fusion_builder_column_1_3 1_3 fusion-flex-column\" style=\"--awb-padding-top:5%;--awb-padding-right:5%;--awb-padding-bottom:5%;--awb-padding-left:5%;--awb-bg-color:var(--awb-color6);--awb-bg-color-hover:var(--awb-color6);--awb-bg-size:cover;--awb-width-large:33.333333333333%;--awb-margin-top-large:0px;--awb-spacing-right-large:5.76%;--awb-margin-bottom-large:20px;--awb-spacing-left-large:5.76%;--awb-width-medium:33.333333333333%;--awb-order-medium:0;--awb-spacing-right-medium:5.76%;--awb-spacing-left-medium:5.76%;--awb-width-small:100%;--awb-order-small:0;--awb-spacing-right-small:1.92%;--awb-spacing-left-small:1.92%;\" data-scroll-devices=\"small-visibility,medium-visibility,large-visibility\"><div class=\"fusion-column-wrapper fusion-column-has-shadow fusion-flex-justify-content-flex-start fusion-content-layout-column\"><div class=\"fusion-text fusion-text-7\" style=\"--awb-text-color:var(--awb-color1);\"><h3><span style=\"color: #ffffff;\">Dj Patric Pleasure<\/span><\/h3>\n<\/div><div class=\"fusion-image-element\" style=\"--awb-margin-bottom:20px;--awb-caption-title-font-family:var(--h2_typography-font-family);--awb-caption-title-font-weight:var(--h2_typography-font-weight);--awb-caption-title-font-style:var(--h2_typography-font-style);--awb-caption-title-size:var(--h2_typography-font-size);--awb-caption-title-transform:var(--h2_typography-text-transform);--awb-caption-title-line-height:var(--h2_typography-line-height);--awb-caption-title-letter-spacing:var(--h2_typography-letter-spacing);\"><span class=\" fusion-imageframe imageframe-none imageframe-3 hover-type-none\"><img loading=\"lazy\" decoding=\"async\" width=\"500\" height=\"364\" title=\"DJPatricPleasure\" src=\"https:\/\/www.kleinmetals.ch\/wp-content\/uploads\/DJPatricPleasure.webp\" alt class=\"img-responsive wp-image-203363\" srcset=\"https:\/\/www.kleinmetals.ch\/wp-content\/uploads\/DJPatricPleasure-200x146.webp 200w, https:\/\/www.kleinmetals.ch\/wp-content\/uploads\/DJPatricPleasure-400x291.webp 400w, https:\/\/www.kleinmetals.ch\/wp-content\/uploads\/DJPatricPleasure.webp 500w\" sizes=\"auto, (max-width: 992px) 100vw, 400px\" \/><\/span><\/div><div class=\"fusion-text fusion-text-8\" style=\"--awb-text-color:var(--awb-color1);\"><p>Patric Pleasure n\u2019est pas un DJ qui se contente de lancer une playlist. Depuis 2008, il exerce ce m\u00e9tier \u00e0 plein temps et, apr\u00e8s plus de 1\u2019700 \u00e9v\u00e9nements, il sait exactement quel morceau fera vibrer le public au bon moment.<br \/>\nDans ses sets open format, les classiques intemporels rencontrent les sons actuels, de la disco, du funk et de la soul au R\u2019n\u2019B, au hip-hop et \u00e0 la house. Pas de playlist fig\u00e9e, mais un vrai sens du public, des transitions fluides et une bonne dose de groove. Son objectif : des happy vibes, une piste de danse pleine et une bande-son qui donne un nouveau souffle aux morceaux que tout le monde conna\u00eet.<\/p>\n<\/div><\/div><\/div><div class=\"fusion-layout-column fusion_builder_column fusion-builder-column-5 fusion_builder_column_1_1 1_1 fusion-flex-column\" style=\"--awb-padding-top:5%;--awb-padding-right:5%;--awb-padding-bottom:5%;--awb-padding-left:5%;--awb-bg-color:var(--awb-color6);--awb-bg-color-hover:var(--awb-color6);--awb-bg-size:cover;--awb-width-large:100%;--awb-margin-top-large:0px;--awb-spacing-right-large:1.92%;--awb-margin-bottom-large:20px;--awb-spacing-left-large:1.92%;--awb-width-medium:100%;--awb-order-medium:0;--awb-spacing-right-medium:1.92%;--awb-spacing-left-medium:1.92%;--awb-width-small:100%;--awb-order-small:0;--awb-spacing-right-small:1.92%;--awb-spacing-left-small:1.92%;\" data-scroll-devices=\"small-visibility,medium-visibility,large-visibility\"><div class=\"fusion-column-wrapper fusion-column-has-shadow fusion-flex-justify-content-flex-start fusion-content-layout-column\"><div class=\"fusion-text fusion-text-9\" style=\"--awb-text-color:var(--awb-color1);\"><h3><span style=\"color: #ffffff;\">Cocuma AG &#8211; Notre propre torr\u00e9faction au feu de bois<\/span><\/h3>\n<\/div><div class=\"fusion-builder-row fusion-builder-row-inner fusion-row fusion-flex-align-items-flex-start fusion-flex-content-wrap\" style=\"--awb-flex-grow:0;--awb-flex-grow-medium:0;--awb-flex-grow-small:0;--awb-flex-shrink:0;--awb-flex-shrink-medium:0;--awb-flex-shrink-small:0;width:104% !important;max-width:104% !important;margin-left: calc(-4% \/ 2 );margin-right: calc(-4% \/ 2 );\"><div class=\"fusion-layout-column fusion_builder_column_inner fusion-builder-nested-column-0 fusion_builder_column_inner_1_3 1_3 fusion-flex-column\" style=\"--awb-bg-size:cover;--awb-width-large:33.333333333333%;--awb-margin-top-large:0px;--awb-spacing-right-large:5.76%;--awb-margin-bottom-large:20px;--awb-spacing-left-large:5.76%;--awb-width-medium:33.333333333333%;--awb-order-medium:0;--awb-spacing-right-medium:5.76%;--awb-spacing-left-medium:5.76%;--awb-width-small:100%;--awb-order-small:0;--awb-spacing-right-small:1.92%;--awb-spacing-left-small:1.92%;\"><div class=\"fusion-column-wrapper fusion-column-has-shadow fusion-flex-justify-content-flex-start fusion-content-layout-column\"><div class=\"fusion-image-element\" style=\"--awb-margin-bottom:20px;--awb-caption-title-font-family:var(--h2_typography-font-family);--awb-caption-title-font-weight:var(--h2_typography-font-weight);--awb-caption-title-font-style:var(--h2_typography-font-style);--awb-caption-title-size:var(--h2_typography-font-size);--awb-caption-title-transform:var(--h2_typography-text-transform);--awb-caption-title-line-height:var(--h2_typography-line-height);--awb-caption-title-letter-spacing:var(--h2_typography-letter-spacing);\"><span class=\" fusion-imageframe imageframe-none imageframe-4 hover-type-none\"><img loading=\"lazy\" decoding=\"async\" width=\"1638\" height=\"2048\" title=\"DSC00488\" src=\"https:\/\/www.kleinmetals.ch\/wp-content\/uploads\/DSC00488-scaled.jpg\" alt class=\"img-responsive wp-image-203384\" srcset=\"https:\/\/www.kleinmetals.ch\/wp-content\/uploads\/DSC00488-200x250.jpg 200w, https:\/\/www.kleinmetals.ch\/wp-content\/uploads\/DSC00488-400x500.jpg 400w, https:\/\/www.kleinmetals.ch\/wp-content\/uploads\/DSC00488-600x750.jpg 600w, https:\/\/www.kleinmetals.ch\/wp-content\/uploads\/DSC00488-800x1000.jpg 800w, https:\/\/www.kleinmetals.ch\/wp-content\/uploads\/DSC00488-1200x1500.jpg 1200w, https:\/\/www.kleinmetals.ch\/wp-content\/uploads\/DSC00488-scaled.jpg 1638w\" sizes=\"auto, (max-width: 992px) 100vw, 600px\" \/><\/span><\/div><\/div><\/div><div class=\"fusion-layout-column fusion_builder_column_inner fusion-builder-nested-column-1 fusion_builder_column_inner_2_3 2_3 fusion-flex-column\" style=\"--awb-bg-size:cover;--awb-width-large:66.666666666667%;--awb-margin-top-large:0px;--awb-spacing-right-large:2.88%;--awb-margin-bottom-large:20px;--awb-spacing-left-large:2.88%;--awb-width-medium:66.666666666667%;--awb-order-medium:0;--awb-spacing-right-medium:2.88%;--awb-spacing-left-medium:2.88%;--awb-width-small:100%;--awb-order-small:0;--awb-spacing-right-small:1.92%;--awb-spacing-left-small:1.92%;\"><div class=\"fusion-column-wrapper fusion-column-has-shadow fusion-flex-justify-content-flex-start fusion-content-layout-column\"><div class=\"fusion-text fusion-text-10\" style=\"--awb-text-color:var(--awb-color1);\"><p><strong>Un regard dans les coulisses avec une d\u00e9monstration de torr\u00e9faction en direct<\/strong><br \/>Lors de nos visites guid\u00e9es, vous d\u00e9couvrirez les <strong>80 ans d\u2019histoire de L. Klein SA<\/strong>. Un temps fort vous attend au sous-sol : dans notre <a href=\"https:\/\/cocuma.ch\/\" target=\"_blank\" rel=\"noopener\">propre atelier de torr\u00e9faction au feu de bois Cocuma<\/a>, vous assisterez en direct au processus de torr\u00e9faction et en apprendrez davantage sur ce savoir-faire traditionnel.<\/p>\n<p>Notre <strong>barista sera \u00e9galement sur place<\/strong> et pr\u00e9parera pour vous diff\u00e9rentes sp\u00e9cialit\u00e9s de caf\u00e9.<\/p>\n<p>Une exp\u00e9rience pour tous les sens : d\u00e9couvrez, respirez et savourez !<\/p>\n<\/div><\/div><\/div><\/div><\/div><\/div><div class=\"fusion-layout-column fusion_builder_column fusion-builder-column-6 fusion_builder_column_1_1 1_1 fusion-flex-column\" style=\"--awb-bg-size:cover;--awb-width-large:100%;--awb-margin-top-large:0px;--awb-spacing-right-large:1.92%;--awb-margin-bottom-large:20px;--awb-spacing-left-large:1.92%;--awb-width-medium:100%;--awb-order-medium:0;--awb-spacing-right-medium:1.92%;--awb-spacing-left-medium:1.92%;--awb-width-small:100%;--awb-order-small:0;--awb-spacing-right-small:1.92%;--awb-spacing-left-small:1.92%;\"><div class=\"fusion-column-wrapper fusion-column-has-shadow fusion-flex-justify-content-flex-start fusion-content-layout-column\"><div class=\"fusion-title title fusion-title-4 fusion-sep-none fusion-title-text fusion-title-size-two\" style=\"--awb-margin-top-small:10px;--awb-margin-right-small:0px;--awb-margin-bottom-small:10px;--awb-margin-left-small:0px;\"><h2 class=\"fusion-title-heading title-heading-left fusion-responsive-typography-calculated\" style=\"margin:0;--fontSize:30;--minFontSize:30;line-height:var(--awb-typography2-line-height);\">Acc\u00e8s &#8211; Parking<\/h2><\/div><iframe src=\"https:\/\/www.google.com\/maps\/embed?pb=!1m18!1m12!1m3!1d2713.264950886502!2d7.280905813367291!3d47.152665071031535!2m3!1f0!2f0!3f0!3m2!1i1024!2i768!4f13.1!3m3!1m2!1s0x478e1f276206796f%3A0x475b72eafc1046a8!2sL.%20Klein%20SA%20Biel%2FBienne%2C%20Schweiz%2C%20Lagerhalter%20und%20H%C3%A4ndler%20f%C3%BCr%20Edelst%C3%A4hle%20und%20Metalle!5e0!3m2!1sde!2sch!4v1783670590731!5m2!1sde!2sch\" width=\"100%\" height=\"450\" style=\"border:0;\" allowfullscreen=\"\" loading=\"lazy\" referrerpolicy=\"strict-origin-when-cross-origin\"><\/iframe><\/div><\/div><\/div><\/div><div class=\"fusion-fullwidth fullwidth-box fusion-builder-row-2 fusion-flex-container has-pattern-background has-mask-background nonhundred-percent-fullwidth non-hundred-percent-height-scrolling\" style=\"--awb-border-radius-top-left:0px;--awb-border-radius-top-right:0px;--awb-border-radius-bottom-right:0px;--awb-border-radius-bottom-left:0px;--awb-flex-wrap:wrap;\" ><div class=\"fusion-builder-row fusion-row fusion-flex-align-items-flex-start fusion-flex-content-wrap\" style=\"max-width:1456px;margin-left: calc(-4% \/ 2 );margin-right: calc(-4% \/ 2 );\"><div class=\"fusion-layout-column fusion_builder_column fusion-builder-column-7 fusion_builder_column_1_1 1_1 fusion-flex-column\" style=\"--awb-bg-size:cover;--awb-width-large:100%;--awb-margin-top-large:0px;--awb-spacing-right-large:1.92%;--awb-margin-bottom-large:20px;--awb-spacing-left-large:1.92%;--awb-width-medium:100%;--awb-order-medium:0;--awb-spacing-right-medium:1.92%;--awb-spacing-left-medium:1.92%;--awb-width-small:100%;--awb-order-small:0;--awb-spacing-right-small:1.92%;--awb-spacing-left-small:1.92%;\"><div class=\"fusion-column-wrapper fusion-column-has-shadow fusion-flex-justify-content-flex-start fusion-content-layout-column\"><div class=\"fusion-title title fusion-title-5 fusion-sep-none fusion-title-text fusion-title-size-two\" style=\"--awb-margin-top-small:10px;--awb-margin-right-small:0px;--awb-margin-bottom-small:10px;--awb-margin-left-small:0px;\"><h2 class=\"fusion-title-heading title-heading-left fusion-responsive-typography-calculated\" style=\"margin:0;--fontSize:30;--minFontSize:30;line-height:var(--awb-typography2-line-height);\">Inscription aux festivit\u00e9s du jubil\u00e9<\/h2><\/div><div class=\"frm_forms  with_frm_style frm_style_formidable-stil\" id=\"frm_form_7_container\" data-token=\"465f77c0c72f05b8b635d0dd66b86429\">\n<form enctype=\"multipart\/form-data\" method=\"post\" class=\"frm-show-form  frm_pro_form \" id=\"form_einladung-80-jahre-jubilaeum32\" data-token=\"465f77c0c72f05b8b635d0dd66b86429\">\n<div class=\"frm_form_fields \">\n<fieldset>\n<legend class=\"frm_screen_reader\">Einladung Feier FR<\/legend>\r\n\r\n<div class=\"frm_fields_container\">\n<input type=\"hidden\" name=\"frm_action\" value=\"create\" \/>\n<input type=\"hidden\" name=\"form_id\" value=\"7\" \/>\n<input type=\"hidden\" name=\"frm_hide_fields_7\" id=\"frm_hide_fields_7\" value=\"\" \/>\n<input type=\"hidden\" name=\"form_key\" value=\"einladung-80-jahre-jubilaeum32\" \/>\n<input type=\"hidden\" name=\"item_meta[0]\" value=\"\" \/>\n<input type=\"hidden\" id=\"frm_submit_entry_7\" name=\"frm_submit_entry_7\" value=\"1491911aeb\" \/><input type=\"hidden\" name=\"_wp_http_referer\" value=\"\/fr\/wp-json\/wp\/v2\/pages\/203239\" \/><div id=\"frm_field_99_container\" class=\"frm_form_field form-field  frm_required_field frm_top_container vertical_radio\">\r\n\t<div  id=\"field_fwwq72_label\" class=\"frm_primary_label\">Date\r\n\t\t<span class=\"frm_required\" aria-hidden=\"true\">*<\/span>\r\n\t<\/div>\r\n\t<div class=\"frm_opt_container\" aria-labelledby=\"field_fwwq72_label\" role=\"group\">\t\t<div class=\"frm_checkbox\" id=\"frm_checkbox_99-0\">\t\t\t<label  for=\"field_fwwq72-0\">\n\t\t\t<input type=\"checkbox\" name=\"item_meta[99][]\" id=\"field_fwwq72-0\" value=\"Vendredi 11 septembre : f\u00eate d&#039;anniversaire (13 h 30 - 18 h)\"  data-reqmsg=\"Date cannot be empty.\" data-invmsg=\"Date ist ung\u00fcltig\"   aria-required=\"true\"  \/> Vendredi 11 septembre : f\u00eate d'anniversaire (13 h 30 - 18 h)<\/label><\/div>\n\t\t<div class=\"frm_checkbox\" id=\"frm_checkbox_99-2\">\t\t\t<label  for=\"field_fwwq72-2\">\n\t\t\t<input type=\"checkbox\" name=\"item_meta[99][]\" id=\"field_fwwq72-2\" value=\"Vendredi 11 septembre : soir\u00e9e (19 h - 0 h 30)\"  data-reqmsg=\"Date cannot be empty.\" data-invmsg=\"Date ist ung\u00fcltig\"   \/> Vendredi 11 septembre : soir\u00e9e (19 h - 0 h 30)<\/label><\/div>\n\t\t<div class=\"frm_checkbox\" id=\"frm_checkbox_99-1\">\t\t\t<label  for=\"field_fwwq72-1\">\n\t\t\t<input type=\"checkbox\" name=\"item_meta[99][]\" id=\"field_fwwq72-1\" value=\"Samedi 12 septembre : f\u00eate d&#039;anniversaire (9 h 30 - 17 h)\"  data-reqmsg=\"Date cannot be empty.\" data-invmsg=\"Date ist ung\u00fcltig\"   \/> Samedi 12 septembre : f\u00eate d'anniversaire (9 h 30 - 17 h)<\/label><\/div>\n<\/div>\r\n\t\r\n\t\r\n<\/div>\n<div id=\"frm_field_100_container\" class=\"frm_form_field form-field  frm_required_field frm_top_container frm6 frm_first\">\r\n\t<label for=\"field_dilre42\" id=\"field_dilre42_label\" class=\"frm_primary_label\">Pr\u00e9nom\r\n\t\t<span class=\"frm_required\" aria-hidden=\"true\">*<\/span>\r\n\t<\/label>\r\n\t<input  type=\"text\" id=\"field_dilre42\" name=\"item_meta[100]\" value=\"\"  data-reqmsg=\"Pr\u00e9nom cannot be empty.\" aria-required=\"true\" data-invmsg=\"Pr\u00e9nom ist ung\u00fcltig\" aria-invalid=\"false\"   \/>\r\n\t\r\n\t\r\n<\/div>\n<div id=\"frm_field_101_container\" class=\"frm_form_field form-field  frm_required_field frm_top_container frm6\">\r\n\t<label for=\"field_wabvs42\" id=\"field_wabvs42_label\" class=\"frm_primary_label\">Nom\r\n\t\t<span class=\"frm_required\" aria-hidden=\"true\">*<\/span>\r\n\t<\/label>\r\n\t<input  type=\"text\" id=\"field_wabvs42\" name=\"item_meta[101]\" value=\"\"  data-reqmsg=\"Nom cannot be empty.\" aria-required=\"true\" data-invmsg=\"Nom ist ung\u00fcltig\" aria-invalid=\"false\"   \/>\r\n\t\r\n\t\r\n<\/div>\n<div id=\"frm_field_102_container\" class=\"frm_form_field form-field  frm_top_container frm6 frm_first\">\r\n\t<label for=\"field_3jlt942\" id=\"field_3jlt942_label\" class=\"frm_primary_label\">Entreprise\r\n\t\t<span class=\"frm_required\" aria-hidden=\"true\"><\/span>\r\n\t<\/label>\r\n\t<input  type=\"text\" id=\"field_3jlt942\" name=\"item_meta[102]\" value=\"\"  data-invmsg=\"Entreprise ist ung\u00fcltig\" aria-invalid=\"false\"   \/>\r\n\t\r\n\t\r\n<\/div>\n<div id=\"frm_field_103_container\" class=\"frm_form_field form-field  frm_top_container frm6\">\r\n\t<label for=\"field_b5hyf42\" id=\"field_b5hyf42_label\" class=\"frm_primary_label\">Fonction\r\n\t\t<span class=\"frm_required\" aria-hidden=\"true\"><\/span>\r\n\t<\/label>\r\n\t<input  type=\"text\" id=\"field_b5hyf42\" name=\"item_meta[103]\" value=\"\"  data-invmsg=\"Fonction ist ung\u00fcltig\" aria-invalid=\"false\"   \/>\r\n\t\r\n\t\r\n<\/div>\n<div id=\"frm_field_104_container\" class=\"frm_form_field form-field  frm_required_field frm_top_container frm6 frm_first\">\r\n\t<label for=\"field_7uo0e42\" id=\"field_7uo0e42_label\" class=\"frm_primary_label\">T\u00e9l\u00e9phone\r\n\t\t<span class=\"frm_required\" aria-hidden=\"true\">*<\/span>\r\n\t<\/label>\r\n\t<input  type=\"text\" id=\"field_7uo0e42\" name=\"item_meta[104]\" value=\"\"  data-reqmsg=\"T\u00e9l\u00e9phone cannot be empty.\" aria-required=\"true\" data-invmsg=\"T\u00e9l\u00e9phone ist ung\u00fcltig\" aria-invalid=\"false\"   \/>\r\n\t\r\n\t\r\n<\/div>\n<div id=\"frm_field_105_container\" class=\"frm_form_field form-field  frm_required_field frm_top_container frm6\">\r\n\t<label for=\"field_d9o5b42\" id=\"field_d9o5b42_label\" class=\"frm_primary_label\">E-Mail\r\n\t\t<span class=\"frm_required\" aria-hidden=\"true\">*<\/span>\r\n\t<\/label>\r\n\t<input  type=\"text\" id=\"field_d9o5b42\" name=\"item_meta[105]\" value=\"\"  data-reqmsg=\"E-Mail cannot be empty.\" aria-required=\"true\" data-invmsg=\"E-Mail ist ung\u00fcltig\" aria-invalid=\"false\"   \/>\r\n\t\r\n\t\r\n<\/div>\n<div id=\"frm_field_106_container\" class=\"frm_form_field form-field  frm_required_field frm_top_container vertical_radio\">\r\n\t<div  id=\"field_bqpg742_label\" class=\"frm_primary_label\">Nombre de personnes\r\n\t\t<span class=\"frm_required\" aria-hidden=\"true\">*<\/span>\r\n\t<\/div>\r\n\t<div class=\"frm_opt_container\" aria-labelledby=\"field_bqpg742_label\" role=\"radiogroup\" aria-required=\"true\">\t\t<div class=\"frm_radio\" id=\"frm_radio_106-0\">\t\t\t<label  for=\"field_bqpg742-0\">\n\t\t\t\t\t<input type=\"radio\" name=\"item_meta[106]\" id=\"field_bqpg742-0\" value=\"1\"\n\t\t data-reqmsg=\"Nombre de personnes cannot be empty.\" data-invmsg=\"Nombre de personnes ist ung\u00fcltig\"   \/> 1<\/label><\/div>\n\t\t<div class=\"frm_radio\" id=\"frm_radio_106-1\">\t\t\t<label  for=\"field_bqpg742-1\">\n\t\t\t\t\t<input type=\"radio\" name=\"item_meta[106]\" id=\"field_bqpg742-1\" value=\"2-3\"\n\t\t data-reqmsg=\"Nombre de personnes cannot be empty.\" data-invmsg=\"Nombre de personnes ist ung\u00fcltig\"   \/> 2-3<\/label><\/div>\n\t\t<div class=\"frm_radio\" id=\"frm_radio_106-2\">\t\t\t<label  for=\"field_bqpg742-2\">\n\t\t\t\t\t<input type=\"radio\" name=\"item_meta[106]\" id=\"field_bqpg742-2\" value=\"4-6\"\n\t\t data-reqmsg=\"Nombre de personnes cannot be empty.\" data-invmsg=\"Nombre de personnes ist ung\u00fcltig\"   \/> 4-6<\/label><\/div>\n\t\t<div class=\"frm_radio\" id=\"frm_radio_106-3\">\t\t\t<label  for=\"field_bqpg742-3\">\n\t\t\t\t\t<input type=\"radio\" name=\"item_meta[106]\" id=\"field_bqpg742-3\" value=\"7-10\"\n\t\t data-reqmsg=\"Nombre de personnes cannot be empty.\" data-invmsg=\"Nombre de personnes ist ung\u00fcltig\"   \/> 7-10<\/label><\/div>\n<\/div>\r\n\t\r\n\t\r\n<\/div>\n<div id=\"frm_field_107_container\" class=\"frm_form_field form-field  frm_required_field frm_top_container vertical_radio\">\r\n\t<div  id=\"field_ffg4u42_label\" class=\"frm_primary_label\">avec des enfants\r\n\t\t<span class=\"frm_required\" aria-hidden=\"true\">*<\/span>\r\n\t<\/div>\r\n\t<div class=\"frm_opt_container\" aria-labelledby=\"field_ffg4u42_label\" role=\"radiogroup\" aria-required=\"true\">\t\t<div class=\"frm_radio\" id=\"frm_radio_107-0\">\t\t\t<label  for=\"field_ffg4u42-0\">\n\t\t\t\t\t<input type=\"radio\" name=\"item_meta[107]\" id=\"field_ffg4u42-0\" value=\"oui\"\n\t\t data-reqmsg=\"avec des enfants cannot be empty.\" data-invmsg=\"avec des enfants ist ung\u00fcltig\"   \/> oui<\/label><\/div>\n\t\t<div class=\"frm_radio\" id=\"frm_radio_107-1\">\t\t\t<label  for=\"field_ffg4u42-1\">\n\t\t\t\t\t<input type=\"radio\" name=\"item_meta[107]\" id=\"field_ffg4u42-1\" value=\"no\"\n\t\t data-reqmsg=\"avec des enfants cannot be empty.\" data-invmsg=\"avec des enfants ist ung\u00fcltig\"   \/> no<\/label><\/div>\n<\/div>\r\n\t\r\n\t\r\n<\/div>\n<div id=\"frm_field_108_container\" class=\"frm_form_field form-field  frm_required_field frm_top_container vertical_radio\">\r\n\t<div  id=\"field_2fqus42_label\" class=\"frm_primary_label\">Autorisation de publication de photos\r\n\t\t<span class=\"frm_required\" aria-hidden=\"true\">*<\/span>\r\n\t<\/div>\r\n\t<div class=\"frm_opt_container\" aria-labelledby=\"field_2fqus42_label\" role=\"group\">\t\t<div class=\"frm_checkbox\" id=\"frm_checkbox_108-0\">\t\t\t<label  for=\"field_2fqus42-0\">\n\t\t\t<input type=\"checkbox\" name=\"item_meta[108][]\" id=\"field_2fqus42-0\" value=\"J&#039;autorise l&#039;utilisation de photos sur lesquelles j&#039;apparais \u00e0 des fins de publication sur le site Internet de L. Klein SA et sur ses r\u00e9seaux sociaux.\"  data-reqmsg=\"Autorisation de publication de photos cannot be empty.\" data-invmsg=\"Autorisation de publication de photos ist ung\u00fcltig\"   aria-required=\"true\"  \/> J'autorise l'utilisation de photos sur lesquelles j'apparais \u00e0 des fins de publication sur le site Internet de L. Klein SA et sur ses r\u00e9seaux sociaux.<\/label><\/div>\n<\/div>\r\n\t\r\n\t\r\n<\/div>\n<div id=\"frm_field_109_container\" class=\"frm_form_field form-field \">\r\n\t<div class=\"frm_submit frm_flex\">\r\n<button class=\"frm_button_submit frm_final_submit\" type=\"submit\"  >Envoyer<\/button>\r\n\r\n\r\n\r\n<\/div>\r\n<\/div>\n\t<input type=\"hidden\" name=\"item_key\" value=\"\" \/>\n\t\t\t<div id=\"frm_field_110_container\">\n\t\t\t<label for=\"field_l4s8m\" >\n\t\t\t\tSi vous \u00eates un humain, ne remplissez pas ce champ.\t\t\t<\/label>\n\t\t\t<input  id=\"field_l4s8m\" type=\"text\" class=\"frm_form_field form-field frm_verify\" name=\"item_meta[110]\" value=\"\"  \/>\n\t\t<\/div>\n\t\t<input name=\"frm_state\" type=\"hidden\" value=\"zmV4pSEWriHhwMcO8l2O2pQ8yHIiUBAXIDr4R6ut\/zkDl5COC86kQHbB1wg8\/Ph\/\" \/><\/div>\n<\/fieldset>\n<\/div>\n\n<\/form>\n<\/div>\n<\/div><\/div><\/div><\/div><div class=\"fusion-fullwidth fullwidth-box fusion-builder-row-3 fusion-flex-container has-pattern-background has-mask-background nonhundred-percent-fullwidth non-hundred-percent-height-scrolling\" style=\"--awb-border-radius-top-left:0px;--awb-border-radius-top-right:0px;--awb-border-radius-bottom-right:0px;--awb-border-radius-bottom-left:0px;--awb-flex-wrap:wrap;\" ><div class=\"fusion-builder-row fusion-row fusion-flex-align-items-flex-start fusion-flex-content-wrap\" style=\"max-width:1456px;margin-left: calc(-4% \/ 2 );margin-right: calc(-4% \/ 2 );\"><div class=\"fusion-layout-column fusion_builder_column fusion-builder-column-8 fusion_builder_column_1_1 1_1 fusion-flex-column\" style=\"--awb-bg-size:cover;--awb-width-large:100%;--awb-margin-top-large:0px;--awb-spacing-right-large:1.92%;--awb-margin-bottom-large:20px;--awb-spacing-left-large:1.92%;--awb-width-medium:100%;--awb-order-medium:0;--awb-spacing-right-medium:1.92%;--awb-spacing-left-medium:1.92%;--awb-width-small:100%;--awb-order-small:0;--awb-spacing-right-small:1.92%;--awb-spacing-left-small:1.92%;\"><div class=\"fusion-column-wrapper fusion-column-has-shadow fusion-flex-justify-content-flex-start fusion-content-layout-column\"><\/div><\/div><\/div><\/div><\/p>\n","protected":false},"excerpt":{"rendered":"","protected":false},"author":1,"featured_media":0,"parent":0,"menu_order":0,"comment_status":"closed","ping_status":"closed","template":"","meta":{"_acf_changed":false,"inline_featured_image":false,"footnotes":""},"class_list":["post-203239","page","type-page","status-publish","hentry"],"acf":[],"yoast_head":"<!-- This site is optimized with the Yoast SEO plugin v28.3 - https:\/\/yoast.com\/product\/yoast-seo-wordpress\/ -->\n<title>Inscription aux Journ\u00e9es portes ouvertes - L.Klein SA - Premium Steel and Metals<\/title>\n<meta name=\"robots\" content=\"index, follow, max-snippet:-1, max-image-preview:large, max-video-preview:-1\" \/>\n<link rel=\"canonical\" href=\"https:\/\/www.kleinmetals.ch\/fr\/inscription-aux-journees-portes-ouvertes\/\" \/>\n<meta property=\"og:locale\" content=\"fr_FR\" \/>\n<meta property=\"og:type\" content=\"article\" \/>\n<meta property=\"og:title\" content=\"Inscription aux Journ\u00e9es portes ouvertes - L.Klein SA - Premium Steel and Metals\" \/>\n<meta property=\"og:url\" content=\"https:\/\/www.kleinmetals.ch\/fr\/inscription-aux-journees-portes-ouvertes\/\" \/>\n<meta property=\"og:site_name\" content=\"L.Klein SA - Premium Steel and Metals\" \/>\n<meta property=\"article:modified_time\" content=\"2026-08-31T10:02:42+00:00\" \/>\n<meta property=\"og:image\" content=\"https:\/\/www.kleinmetals.ch\/wp-content\/uploads\/l-klein-sa-1.png\" \/>\n\t<meta property=\"og:image:width\" content=\"1078\" \/>\n\t<meta property=\"og:image:height\" content=\"674\" \/>\n\t<meta property=\"og:image:type\" content=\"image\/png\" \/>\n<meta name=\"twitter:card\" content=\"summary_large_image\" \/>\n<meta name=\"twitter:label1\" content=\"Dur\u00e9e de lecture estim\u00e9e\" \/>\n\t<meta name=\"twitter:data1\" content=\"6 minutes\" \/>\n<script type=\"application\/ld+json\" class=\"yoast-schema-graph\">{\"@context\":\"https:\\\/\\\/schema.org\",\"@graph\":[{\"@type\":\"WebPage\",\"@id\":\"https:\\\/\\\/www.kleinmetals.ch\\\/fr\\\/inscription-aux-journees-portes-ouvertes\\\/\",\"url\":\"https:\\\/\\\/www.kleinmetals.ch\\\/fr\\\/inscription-aux-journees-portes-ouvertes\\\/\",\"name\":\"Inscription aux Journ\u00e9es portes ouvertes - L.Klein SA - Premium Steel and Metals\",\"isPartOf\":{\"@id\":\"https:\\\/\\\/www.kleinmetals.ch\\\/fr\\\/#website\"},\"datePublished\":\"2026-07-10T07:49:24+00:00\",\"dateModified\":\"2026-08-31T10:02:42+00:00\",\"breadcrumb\":{\"@id\":\"https:\\\/\\\/www.kleinmetals.ch\\\/fr\\\/inscription-aux-journees-portes-ouvertes\\\/#breadcrumb\"},\"inLanguage\":\"fr-FR\",\"potentialAction\":[{\"@type\":\"ReadAction\",\"target\":[\"https:\\\/\\\/www.kleinmetals.ch\\\/fr\\\/inscription-aux-journees-portes-ouvertes\\\/\"]}]},{\"@type\":\"BreadcrumbList\",\"@id\":\"https:\\\/\\\/www.kleinmetals.ch\\\/fr\\\/inscription-aux-journees-portes-ouvertes\\\/#breadcrumb\",\"itemListElement\":[{\"@type\":\"ListItem\",\"position\":1,\"name\":\"Home\",\"item\":\"https:\\\/\\\/www.kleinmetals.ch\\\/fr\\\/\"},{\"@type\":\"ListItem\",\"position\":2,\"name\":\"Inscription aux Journ\u00e9es portes ouvertes\"}]},{\"@type\":\"WebSite\",\"@id\":\"https:\\\/\\\/www.kleinmetals.ch\\\/fr\\\/#website\",\"url\":\"https:\\\/\\\/www.kleinmetals.ch\\\/fr\\\/\",\"name\":\"L.Klein AG Edelst\u00e4hle und Metalle\",\"description\":\"Handel mit hochwertigen Edelst\u00e4hlen und metallischen Rohstoffen\",\"publisher\":{\"@id\":\"https:\\\/\\\/www.kleinmetals.ch\\\/fr\\\/#organization\"},\"potentialAction\":[{\"@type\":\"SearchAction\",\"target\":{\"@type\":\"EntryPoint\",\"urlTemplate\":\"https:\\\/\\\/www.kleinmetals.ch\\\/fr\\\/?s={search_term_string}\"},\"query-input\":{\"@type\":\"PropertyValueSpecification\",\"valueRequired\":true,\"valueName\":\"search_term_string\"}}],\"inLanguage\":\"fr-FR\"},{\"@type\":\"Organization\",\"@id\":\"https:\\\/\\\/www.kleinmetals.ch\\\/fr\\\/#organization\",\"name\":\"L. Klein SA\",\"url\":\"https:\\\/\\\/www.kleinmetals.ch\\\/fr\\\/\",\"logo\":{\"@type\":\"ImageObject\",\"inLanguage\":\"fr-FR\",\"@id\":\"https:\\\/\\\/www.kleinmetals.ch\\\/fr\\\/#\\\/schema\\\/logo\\\/image\\\/\",\"url\":\"https:\\\/\\\/www.kleinmetals.ch\\\/wp-content\\\/uploads\\\/L-Klein-SA-Logo.svg\",\"contentUrl\":\"https:\\\/\\\/www.kleinmetals.ch\\\/wp-content\\\/uploads\\\/L-Klein-SA-Logo.svg\",\"width\":275,\"height\":86,\"caption\":\"L. Klein SA\"},\"image\":{\"@id\":\"https:\\\/\\\/www.kleinmetals.ch\\\/fr\\\/#\\\/schema\\\/logo\\\/image\\\/\"},\"sameAs\":[\"https:\\\/\\\/www.linkedin.com\\\/company\\\/l.-klein-sa\\\/\"]}]}<\/script>\n<!-- \/ Yoast SEO plugin. -->","yoast_head_json":{"title":"Inscription aux Journ\u00e9es portes ouvertes - L.Klein SA - Premium Steel and Metals","robots":{"index":"index","follow":"follow","max-snippet":"max-snippet:-1","max-image-preview":"max-image-preview:large","max-video-preview":"max-video-preview:-1"},"canonical":"https:\/\/www.kleinmetals.ch\/fr\/inscription-aux-journees-portes-ouvertes\/","og_locale":"fr_FR","og_type":"article","og_title":"Inscription aux Journ\u00e9es portes ouvertes - L.Klein SA - Premium Steel and Metals","og_url":"https:\/\/www.kleinmetals.ch\/fr\/inscription-aux-journees-portes-ouvertes\/","og_site_name":"L.Klein SA - Premium Steel and Metals","article_modified_time":"2026-08-31T10:02:42+00:00","og_image":[{"width":1078,"height":674,"url":"https:\/\/www.kleinmetals.ch\/wp-content\/uploads\/l-klein-sa-1.png","type":"image\/png"}],"twitter_card":"summary_large_image","twitter_misc":{"Dur\u00e9e de lecture estim\u00e9e":"6 minutes"},"schema":{"@context":"https:\/\/schema.org","@graph":[{"@type":"WebPage","@id":"https:\/\/www.kleinmetals.ch\/fr\/inscription-aux-journees-portes-ouvertes\/","url":"https:\/\/www.kleinmetals.ch\/fr\/inscription-aux-journees-portes-ouvertes\/","name":"Inscription aux Journ\u00e9es portes ouvertes - L.Klein SA - Premium Steel and Metals","isPartOf":{"@id":"https:\/\/www.kleinmetals.ch\/fr\/#website"},"datePublished":"2026-07-10T07:49:24+00:00","dateModified":"2026-08-31T10:02:42+00:00","breadcrumb":{"@id":"https:\/\/www.kleinmetals.ch\/fr\/inscription-aux-journees-portes-ouvertes\/#breadcrumb"},"inLanguage":"fr-FR","potentialAction":[{"@type":"ReadAction","target":["https:\/\/www.kleinmetals.ch\/fr\/inscription-aux-journees-portes-ouvertes\/"]}]},{"@type":"BreadcrumbList","@id":"https:\/\/www.kleinmetals.ch\/fr\/inscription-aux-journees-portes-ouvertes\/#breadcrumb","itemListElement":[{"@type":"ListItem","position":1,"name":"Home","item":"https:\/\/www.kleinmetals.ch\/fr\/"},{"@type":"ListItem","position":2,"name":"Inscription aux Journ\u00e9es portes ouvertes"}]},{"@type":"WebSite","@id":"https:\/\/www.kleinmetals.ch\/fr\/#website","url":"https:\/\/www.kleinmetals.ch\/fr\/","name":"L.Klein AG Edelst\u00e4hle und Metalle","description":"Handel mit hochwertigen Edelst\u00e4hlen und metallischen Rohstoffen","publisher":{"@id":"https:\/\/www.kleinmetals.ch\/fr\/#organization"},"potentialAction":[{"@type":"SearchAction","target":{"@type":"EntryPoint","urlTemplate":"https:\/\/www.kleinmetals.ch\/fr\/?s={search_term_string}"},"query-input":{"@type":"PropertyValueSpecification","valueRequired":true,"valueName":"search_term_string"}}],"inLanguage":"fr-FR"},{"@type":"Organization","@id":"https:\/\/www.kleinmetals.ch\/fr\/#organization","name":"L. Klein SA","url":"https:\/\/www.kleinmetals.ch\/fr\/","logo":{"@type":"ImageObject","inLanguage":"fr-FR","@id":"https:\/\/www.kleinmetals.ch\/fr\/#\/schema\/logo\/image\/","url":"https:\/\/www.kleinmetals.ch\/wp-content\/uploads\/L-Klein-SA-Logo.svg","contentUrl":"https:\/\/www.kleinmetals.ch\/wp-content\/uploads\/L-Klein-SA-Logo.svg","width":275,"height":86,"caption":"L. Klein SA"},"image":{"@id":"https:\/\/www.kleinmetals.ch\/fr\/#\/schema\/logo\/image\/"},"sameAs":["https:\/\/www.linkedin.com\/company\/l.-klein-sa\/"]}]}},"_links":{"self":[{"href":"https:\/\/www.kleinmetals.ch\/fr\/wp-json\/wp\/v2\/pages\/203239","targetHints":{"allow":["GET"]}}],"collection":[{"href":"https:\/\/www.kleinmetals.ch\/fr\/wp-json\/wp\/v2\/pages"}],"about":[{"href":"https:\/\/www.kleinmetals.ch\/fr\/wp-json\/wp\/v2\/types\/page"}],"author":[{"embeddable":true,"href":"https:\/\/www.kleinmetals.ch\/fr\/wp-json\/wp\/v2\/users\/1"}],"replies":[{"embeddable":true,"href":"https:\/\/www.kleinmetals.ch\/fr\/wp-json\/wp\/v2\/comments?post=203239"}],"version-history":[{"count":14,"href":"https:\/\/www.kleinmetals.ch\/fr\/wp-json\/wp\/v2\/pages\/203239\/revisions"}],"predecessor-version":[{"id":203392,"href":"https:\/\/www.kleinmetals.ch\/fr\/wp-json\/wp\/v2\/pages\/203239\/revisions\/203392"}],"wp:attachment":[{"href":"https:\/\/www.kleinmetals.ch\/fr\/wp-json\/wp\/v2\/media?parent=203239"}],"curies":[{"name":"wp","href":"https:\/\/api.w.org\/{rel}","templated":true}]}}